{"id":3244,"date":"2022-12-12T17:29:13","date_gmt":"2022-12-12T16:29:13","guid":{"rendered":"https:\/\/www.campingdelill.fr\/marche-de-noel\/"},"modified":"2025-09-30T15:46:39","modified_gmt":"2025-09-30T13:46:39","slug":"weihnachtsmaerkte-colmar","status":"publish","type":"page","link":"https:\/\/www.campingdelill.fr\/de\/weihnachtsmaerkte-colmar\/","title":{"rendered":"Weihnachtsm\u00e4rkte"},"content":{"rendered":"<div class=\"wpb-content-wrapper\"><p>[vc_row][vc_column css=&#8220;.vc_custom_1670863063860{padding-top: 40px !important;padding-bottom: 20px !important;}&#8220;]<div class=\"wrappedcontent\">[vc_column_text css=&#8220;&#8220;]<\/p>\n<h1 style=\"text-align: center;\"><span style=\"color: #e94e1b;\"><strong><span style=\"font-size: 20pt;\">WEIHNACHTSMARKT COLMAR<\/span><\/strong><\/span><\/h1>\n<p style=\"text-align: center;\"><span style=\"font-size: 14pt;\">Colmar verspr\u00fcht in jeder Jahreszeit ein unvergleichliches Flair. Zum Jahresende zeigt sich die mit wundersch\u00f6nen Dekorationen geschm\u00fcckte Stadt jedoch von ihrer sch\u00f6nsten Seite. Tauchen Sie ein in das magische Weihnachtsflair und entdecken Sie die 6 Weihnachtsm\u00e4rkte von Colmar.<\/span><\/p>\n<p style=\"text-align: center;\"><i><em>Vom 25. November bis zum 29. Dezember 2025.<\/em><\/i><\/p>\n<p>[\/vc_column_text]<\/div>[\/vc_column][\/vc_row][vc_row css=&#8220;.vc_custom_1670853897361{background-color: rgba(233,78,27,0.2) !important;*background-color: rgb(233,78,27) !important;}&#8220;][vc_column css=&#8220;.vc_custom_1670862990931{padding-top: 20px !important;}&#8220;]<div class=\"wrappedcontent\">[vc_column_text css=&#8220;.vc_custom_1701277099945{padding-top: 20px !important;padding-bottom: 20px !important;}&#8220;]<\/p>\n<h2 style=\"text-align: center;\"><span style=\"font-size: 18pt; color: #e94e1b;\"><strong>DIE UNUMG\u00c4NGLICHEN SEHENSW\u00dcRDIGKEITEN VON COLMAR<\/strong><\/span><\/h2>\n<p>[\/vc_column_text][vc_row_inner gap=&#8220;30&#8243;][vc_column_inner width=&#8220;1\/3&#8243;][vc_single_image image=&#8220;3158&#8243; img_size=&#8220;600*500&#8243; alignment=&#8220;center&#8220;][vc_column_text css=&#8220;.vc_custom_1701277125802{padding-top: 30px !important;}&#8220;]<\/p>\n<h3 style=\"text-align: center;\"><strong><span style=\"font-size: 16pt;\">Der Gourmet-Weihnachtsmarkt<\/span><\/strong><\/h3>\n<p style=\"text-align: center;\">Probieren Sie auf dem <strong>Place de la Cath\u00e9drale<\/strong> els\u00e4ssische Spezialit\u00e4ten.<\/p>\n<p>[\/vc_column_text][\/vc_column_inner][vc_column_inner width=&#8220;1\/3&#8243;][vc_single_image image=&#8220;3162&#8243; img_size=&#8220;600*500&#8243;][vc_column_text css=&#8220;.vc_custom_1701277139429{padding-top: 30px !important;}&#8220;]<\/p>\n<h3 style=\"text-align: center;\"><span style=\"font-size: 16pt;\"><strong>Weihnachtslieder<\/strong><\/span><\/h3>\n<p style=\"text-align: center;\">Auf dem Kanal <strong>Petite Venise<\/strong> singen Kinder auf beleuchteten Booten Weihnachtslieder.<\/p>\n<p>[\/vc_column_text][\/vc_column_inner][vc_column_inner width=&#8220;1\/3&#8243;][vc_single_image image=&#8220;3172&#8243; img_size=&#8220;600*500&#8243;][vc_column_text css=&#8220;.vc_custom_1701277153452{padding-top: 30px !important;}&#8220;]<\/p>\n<h3 style=\"text-align: center;\"><strong><span style=\"font-size: 16pt;\">Die gro\u00dfe Eislaufbahn<\/span><\/strong><\/h3>\n<p style=\"text-align: center;\">Auf der <strong>Place Rapp<\/strong> k\u00f6nnen Sie vor einer m\u00e4rchenhaften Weihnachtskulisse \u00fcber das Eis gleiten.<\/p>\n<p>[\/vc_column_text][\/vc_column_inner][\/vc_row_inner]<\/div>[\/vc_column][\/vc_row][vc_row][vc_column]<div class=\"wrappedcontent\">[vc_column_text css=&#8220;.vc_custom_1701277200505{padding-bottom: 20px !important;}&#8220;]<\/p>\n<h2 style=\"text-align: center;\"><span style=\"font-size: 18pt; color: #e94e1b;\"><strong>COLMAR UND SEINE REGION<\/strong><\/span><\/h2>\n<p>[\/vc_column_text][vc_column_text css=&#8220;.vc_custom_1671112907104{padding-bottom: 30px !important;}&#8220;]<\/p>\n<p style=\"text-align: center;\">Besuchen Sie bei Ihrem Aufenthalt in der Region auch die kleinen D\u00f6rfer rund um Colmar.<br \/>\nLassen Sie sich bei Einbruch der Dunkelheit von der Authentizit\u00e4t und den m\u00e4rchenhaften Dekorationen dieser typischen D\u00f6rfer verzaubern. Um Ihnen die Entscheidung zu erleichtern, haben wir unsere Favoriten f\u00fcr Sie aufgelistet.<br \/>\nGetestet und f\u00fcr gut befunden!<\/p>\n<p>[\/vc_column_text][vc_row_inner equal_height=&#8220;yes&#8220; gap=&#8220;30&#8243;][vc_column_inner width=&#8220;1\/4&#8243; css=&#8220;.vc_custom_1670946555306{background-color: rgba(233,78,27,0.2) !important;*background-color: rgb(233,78,27) !important;}&#8220;][vc_column_text css=&#8220;.vc_custom_1701277205941{padding-top: 20px !important;padding-bottom: 20px !important;}&#8220;]<\/p>\n<h3 style=\"text-align: center;\"><span style=\"font-size: 16pt; color: #e94e1b;\"><strong>RIQUEWIHR<\/strong><\/span><\/h3>\n<p>[\/vc_column_text][vc_column_text css=&#8220;.vc_custom_1671112929755{padding-bottom: 20px !important;}&#8220;]<\/p>\n<p style=\"text-align: center;\">Der Ort z\u00e4hlt zu den sch\u00f6nsten D\u00f6rfer Frankreichs.<br \/>\nOb tags\u00fcber oder bei Dunkelheit, ein Spaziergang durch die weihnachtlich dekorierte Hauptstra\u00dfe loht sich immer.<\/p>\n<p>[\/vc_column_text][\/vc_column_inner][vc_column_inner width=&#8220;1\/4&#8243; css=&#8220;.vc_custom_1670946435346{background-color: rgba(233,78,27,0.2) !important;*background-color: rgb(233,78,27) !important;}&#8220;][vc_column_text css=&#8220;.vc_custom_1701277217186{padding-top: 20px !important;padding-bottom: 20px !important;}&#8220;]<\/p>\n<h3 style=\"text-align: center;\"><span style=\"font-size: 16pt; color: #e94e1b;\"><strong>KAYSERSBERG<\/strong><\/span><\/h3>\n<p>[\/vc_column_text][vc_column_text css=&#8220;.vc_custom_1671112940662{padding-bottom: 20px !important;}&#8220;]<\/p>\n<p style=\"text-align: center;\">Sicherlich einer der sch\u00f6nsten Weihnachtsm\u00e4rkte Frankreichs und des Elsass. Das in einem Tal gelegene mittelalterliche St\u00e4dtchen hinterl\u00e4sst einen bleibenden Eindruck!<\/p>\n<p>[\/vc_column_text][\/vc_column_inner][vc_column_inner width=&#8220;1\/4&#8243; css=&#8220;.vc_custom_1670946440836{background-color: rgba(233,78,27,0.2) !important;*background-color: rgb(233,78,27) !important;}&#8220;][vc_column_text css=&#8220;.vc_custom_1701277228414{padding-top: 20px !important;padding-bottom: 20px !important;}&#8220;]<\/p>\n<h3 style=\"text-align: center;\"><span style=\"font-size: 16pt; color: #e94e1b;\"><strong>OBERNAI<\/strong><\/span><\/h3>\n<p>[\/vc_column_text][vc_column_text css=&#8220;.vc_custom_1671112954007{padding-bottom: 20px !important;}&#8220;]<\/p>\n<p style=\"text-align: center;\">Hier dreht sich alles um die Gastronomie und das Kunsthandwerk.<br \/>\nEine lokale Spezialit\u00e4t, die Sie unbedingt probieren sollten, ist der Obernoiser wei\u00dfe Gl\u00fchwein.<\/p>\n<p>[\/vc_column_text][\/vc_column_inner][vc_column_inner width=&#8220;1\/4&#8243; css=&#8220;.vc_custom_1670946446722{background-color: rgba(233,78,27,0.2) !important;*background-color: rgb(233,78,27) !important;}&#8220;][vc_column_text css=&#8220;.vc_custom_1701277239643{padding-top: 20px !important;padding-bottom: 20px !important;}&#8220;]<\/p>\n<h3 style=\"text-align: center;\"><span style=\"font-size: 16pt; color: #e94e1b;\"><strong>S\u00c9LESTAT<\/strong><\/span><\/h3>\n<p>[\/vc_column_text][vc_column_text css=&#8220;.vc_custom_1671112968204{padding-bottom: 20px !important;}&#8220;]<\/p>\n<p style=\"text-align: center;\">Diese Stadt ist die Wiege des Weihnachtsbaumes.<br \/>\nEine Ausstellung erz\u00e4hlt seine Geschichte.<\/p>\n<p>[\/vc_column_text][\/vc_column_inner][\/vc_row_inner]<\/div>[\/vc_column][\/vc_row][vc_row css=&#8220;.vc_custom_1670861673965{background-color: rgba(233,78,27,0.2) !important;*background-color: rgb(233,78,27) !important;}&#8220;][vc_column]<div class=\"wrappedcontent\">[vc_column_text css=&#8220;.vc_custom_1701277249817{padding-bottom: 20px !important;}&#8220;]<\/p>\n<h2 style=\"text-align: center;\"><span style=\"font-size: 18pt; color: #e94e1b;\"><strong>UNSER FAVORIT<\/strong><\/span><\/h2>\n<p>[\/vc_column_text][vc_row_inner gap=&#8220;30&#8243; css=&#8220;.vc_custom_1670862320306{margin-left: -0.5px !important;}&#8220;][vc_column_inner width=&#8220;2\/5&#8243;][vc_single_image image=&#8220;3183&#8243; img_size=&#8220;600*500&#8243;][\/vc_column_inner][vc_column_inner width=&#8220;3\/5&#8243;][vc_empty_space][vc_column_text css=&#8220;.vc_custom_1701277270030{padding-top: 30px !important;}&#8220;]<\/p>\n<h3><strong><span style=\"font-size: 16pt; color: #e94e1b;\">EGUISHEIM<\/span><\/strong><\/h3>\n<p>Wenn es einen Weihnachtsmarkt gibt, den Sie unbedingt besuchen m\u00fcssen, dann den in Eguisheim!<br \/>\nEr ist zwar klein, aber der Besuch in dem erleuchteten Dorf lohnt sich auf jeden Fall. Es z\u00e4hlt nicht nur zu den sch\u00f6nsten D\u00f6rfern Frankreichs, sondern wurde aufgrund seines authentischen und typischen Charakters auch mit dem Label \u201eWeihnachtsst\u00e4dte und Weihnachtsd\u00f6rfer\u201c ausgezeichnet.[\/vc_column_text][\/vc_column_inner][\/vc_row_inner]<\/div>[\/vc_column][\/vc_row][vc_row][vc_column]<div class=\"wrappedcontent\">[vc_column_text css=&#8220;.vc_custom_1701277309683{padding-bottom: 20px !important;}&#8220;]<\/p>\n<h2 style=\"text-align: center;\"><span style=\"font-size: 18pt; color: #e94e1b;\"><strong>\u00dcBERNACHTEN SIE IN COLMAR MITTEN IN DER NATUR<\/strong><\/span><\/h2>\n<p>[\/vc_column_text][vc_row_inner gap=&#8220;30&#8243; css=&#8220;.vc_custom_1670862292740{margin-left: -0.5px !important;}&#8220;][vc_column_inner width=&#8220;2\/5&#8243;][vc_images_carousel images=&#8220;3192,3196,3200,3204&#8243; img_size=&#8220;600*500&#8243; onclick=&#8220;link_no&#8220; wrap=&#8220;yes&#8220;][\/vc_column_inner][vc_column_inner width=&#8220;3\/5&#8243;][vc_empty_space][vc_column_text css=&#8220;.vc_custom_1701277332817{padding-top: 30px !important;}&#8220;]<\/p>\n<h3><strong><span style=\"font-size: 16pt; color: #e94e1b;\">MIETUNTERK\u00dcNFTE ODER STELLPL\u00c4TZE<\/span><\/strong><\/h3>\n<p>Genie\u00dfen Sie den Komfort unserer Chalets und Mobilheime f\u00fcr bis zu 6 Personen.<br \/>\nEin ger\u00e4umiges Wohnzimmer, zwei Schlafzimmer, eine ausgestattete K\u00fcche, Bettw\u00e4sche und Handt\u00fccher inklusive. Der Komfort eines Hotelzimmers direkt in der Natur!<\/p>\n<p>Verbringen Sie auf unseren Campingstellpl\u00e4tzen f\u00fcr Vans und Reisemobile am Flussufer einen Aufenthalt im Herzen der Natur, ohne Ihr Budget zu sprengen.[\/vc_column_text]<div class=\"text-center btnwrap\"><a class=\"btn btn-huttopia-cta\" href=\"https:\/\/www.campingdelill.fr\/de\/mietunterkunfte\/\" role=\"button\" target=\"\" onclick=\"dataLayer.push({'event':'clickCity', 'clickText':'ENTDECKEN'})\">ENTDECKEN<\/a><\/div>[\/vc_column_inner][\/vc_row_inner]<\/div>[\/vc_column][\/vc_row][vc_row css=&#8220;.vc_custom_1670861686878{background-color: rgba(233,78,27,0.2) !important;*background-color: rgb(233,78,27) !important;}&#8220;][vc_column]<div class=\"wrappedcontent\">[vc_row_inner gap=&#8220;30&#8243; css=&#8220;.vc_custom_1670862328679{margin-left: -0.5px !important;}&#8220;][vc_column_inner width=&#8220;2\/5&#8243;][vc_single_image image=&#8220;3214&#8243; img_size=&#8220;600*500&#8243; alignment=&#8220;center&#8220;][\/vc_column_inner][vc_column_inner width=&#8220;3\/5&#8243;][vc_empty_space][vc_column_text css=&#8220;.vc_custom_1701277349171{padding-top: 30px !important;}&#8220;]<\/p>\n<h3><strong><span style=\"font-size: 16pt; color: #e94e1b;\">DER GEMEINSCHAFTSRAUM <\/span><\/strong><\/h3>\n<p>Lassen Sie einen Bilderbuchtag in den geschm\u00fcckten Stra\u00dfen bei einer Partie Tischfu\u00dfball oder gem\u00fctlich beim Fernsehen auf der Couch ausklingen.[\/vc_column_text][\/vc_column_inner][\/vc_row_inner]<\/div>[\/vc_column][\/vc_row][vc_row][vc_column]<div class=\"wrappedcontent\">[vc_row_inner][vc_column_inner][vc_column_text css=&#8220;.vc_custom_1701277359852{padding-bottom: 20px !important;}&#8220;]<\/p>\n<h2 style=\"text-align: center;\"><strong><span style=\"font-size: 20pt; color: #e94e1b;\"><span style=\"font-size: 18pt;\">IDEALE VERKEHRSANBINDUNG AN DIE WEIHNACHTSM\u00c4RKTE<\/span><br \/>\n<\/span><\/strong><\/h2>\n<p>[\/vc_column_text][\/vc_column_inner][\/vc_row_inner][vc_row_inner gap=&#8220;30&#8243;][vc_column_inner width=&#8220;1\/4&#8243;][\/vc_column_inner][vc_column_inner width=&#8220;1\/4&#8243;][vc_single_image image=&#8220;3219&#8243; img_size=&#8220;600*500&#8243;][vc_column_text css=&#8220;.vc_custom_1671113099242{padding-top: 20px !important;}&#8220;]<\/p>\n<p style=\"text-align: center;\">Der Campingplatz ist nur 2\u00a0km vom Stadtzentrum von Colmar entfernt, das auch \u00fcber einen Fahrradweg erreichbar ist. Entdecken Sie Colmar mit \u00f6ffentlichen Verkehrsmitteln. Vor Ort besteht die M\u00f6glichkeit, Fahrr\u00e4der zu leihen.<\/p>\n<p>[\/vc_column_text][\/vc_column_inner][vc_column_inner width=&#8220;1\/4&#8243;][vc_single_image image=&#8220;3223&#8243; img_size=&#8220;600*500&#8243;][vc_column_text css=&#8220;.vc_custom_1671113108340{padding-top: 20px !important;}&#8220;]<\/p>\n<p style=\"text-align: center;\">Der Bus, der direkt vor dem Ausgang des Campingplatzes abf\u00e4hrt, bringt Sie in 10\u00a0Minuten in die Altstadt von Colmar.<\/p>\n<p>[\/vc_column_text][\/vc_column_inner][vc_column_inner width=&#8220;1\/4&#8243;][\/vc_column_inner][\/vc_row_inner]<\/div>[\/vc_column][\/vc_row]<\/p>\n<\/div>","protected":false},"excerpt":{"rendered":"<p>[vc_row][vc_column css=&#8220;.vc_custom_1670863063860{padding-top: 40px !important;padding-bottom: 20px !important;}&#8220;][\/vc_column][\/vc_row][vc_row css=&#8220;.vc_custom_1670853897361{background-color: rgba(233,78,27,0.2) !important;*background-color: rgb(233,78,27) !important;}&#8220;][vc_column css=&#8220;.vc_custom_1670862990931{padding-top: 20px !important;}&#8220;][\/vc_column][\/vc_row][vc_row][vc_column][\/vc_column][\/vc_row][vc_row css=&#8220;.vc_custom_1670861673965{background-color: rgba(233,78,27,0.2) !important;*background-color: rgb(233,78,27) !important;}&#8220;][vc_column][\/vc_column][\/vc_row][vc_row][vc_column][\/vc_column][\/vc_row][vc_row css=&#8220;.vc_custom_1670861686878{background-color: rgba(233,78,27,0.2) !important;*background-color: rgb(233,78,27) !important;}&#8220;][vc_column][\/vc_column][\/vc_row][vc_row][vc_column][\/vc_column][\/vc_row]<\/p>\n","protected":false},"author":1,"featured_media":0,"parent":0,"menu_order":0,"comment_status":"closed","ping_status":"closed","template":"","meta":{"footnotes":""},"class_list":["post-3244","page","type-page","status-publish","hentry"],"yoast_head":"<!-- This site is optimized with the Yoast SEO plugin v25.6 - https:\/\/yoast.com\/wordpress\/plugins\/seo\/ -->\n<title>Weihnachtsmarkt in Colmar im Elsass | Camping de l&#039;Ill - Colmar<\/title>\n<meta name=\"description\" content=\"Entdecken Sie die zauberhafte Welt der malerischen und ber\u00fchmten els\u00e4ssischen Weihnachtsm\u00e4rkte, indem Sie auf dem Camping de l&#039;Ill in Colmar \u00fcbernachten.\" \/>\n<meta name=\"robots\" content=\"index, follow, max-snippet:-1, max-image-preview:large, max-video-preview:-1\" \/>\n<link rel=\"canonical\" href=\"https:\/\/www.campingdelill.fr\/de\/weihnachtsmaerkte-colmar\/\" \/>\n<meta property=\"og:locale\" content=\"de_DE\" \/>\n<meta property=\"og:type\" content=\"article\" \/>\n<meta property=\"og:title\" content=\"Weihnachtsmarkt in Colmar im Elsass | Camping de l&#039;Ill - Colmar\" \/>\n<meta property=\"og:description\" content=\"Entdecken Sie die zauberhafte Welt der malerischen und ber\u00fchmten els\u00e4ssischen Weihnachtsm\u00e4rkte, indem Sie auf dem Camping de l&#039;Ill in Colmar \u00fcbernachten.\" \/>\n<meta property=\"og:url\" content=\"https:\/\/www.campingdelill.fr\/de\/weihnachtsmaerkte-colmar\/\" \/>\n<meta property=\"og:site_name\" content=\"Camping de Colmar\" \/>\n<meta property=\"article:modified_time\" content=\"2025-09-30T13:46:39+00:00\" \/>\n<meta name=\"twitter:card\" content=\"summary_large_image\" \/>\n<meta name=\"twitter:label1\" content=\"Est. reading time\" \/>\n\t<meta name=\"twitter:data1\" content=\"6 Minuten\" \/>\n<script type=\"application\/ld+json\" class=\"yoast-schema-graph\">{\"@context\":\"https:\/\/schema.org\",\"@graph\":[{\"@type\":\"WebPage\",\"@id\":\"https:\/\/www.campingdelill.fr\/de\/weihnachtsmaerkte-colmar\/\",\"url\":\"https:\/\/www.campingdelill.fr\/de\/weihnachtsmaerkte-colmar\/\",\"name\":\"Weihnachtsmarkt in Colmar im Elsass | Camping de l'Ill - Colmar\",\"isPartOf\":{\"@id\":\"https:\/\/www.campingdelill.fr\/de\/#website\"},\"datePublished\":\"2022-12-12T16:29:13+00:00\",\"dateModified\":\"2025-09-30T13:46:39+00:00\",\"description\":\"Entdecken Sie die zauberhafte Welt der malerischen und ber\u00fchmten els\u00e4ssischen Weihnachtsm\u00e4rkte, indem Sie auf dem Camping de l'Ill in Colmar \u00fcbernachten.\",\"breadcrumb\":{\"@id\":\"https:\/\/www.campingdelill.fr\/de\/weihnachtsmaerkte-colmar\/#breadcrumb\"},\"inLanguage\":\"de-DE\",\"potentialAction\":[{\"@type\":\"ReadAction\",\"target\":[\"https:\/\/www.campingdelill.fr\/de\/weihnachtsmaerkte-colmar\/\"]}]},{\"@type\":\"BreadcrumbList\",\"@id\":\"https:\/\/www.campingdelill.fr\/de\/weihnachtsmaerkte-colmar\/#breadcrumb\",\"itemListElement\":[{\"@type\":\"ListItem\",\"position\":1,\"name\":\"Accueil\",\"item\":\"https:\/\/www.campingdelill.fr\/de\/\"},{\"@type\":\"ListItem\",\"position\":2,\"name\":\"Weihnachtsm\u00e4rkte\"}]},{\"@type\":\"WebSite\",\"@id\":\"https:\/\/www.campingdelill.fr\/de\/#website\",\"url\":\"https:\/\/www.campingdelill.fr\/de\/\",\"name\":\"Camping de Colmar\",\"description\":\"Un site utilisant Citykamp\",\"potentialAction\":[{\"@type\":\"SearchAction\",\"target\":{\"@type\":\"EntryPoint\",\"urlTemplate\":\"https:\/\/www.campingdelill.fr\/de\/?s={search_term_string}\"},\"query-input\":{\"@type\":\"PropertyValueSpecification\",\"valueRequired\":true,\"valueName\":\"search_term_string\"}}],\"inLanguage\":\"de-DE\"}]}<\/script>\n<!-- \/ Yoast SEO plugin. -->","yoast_head_json":{"title":"Weihnachtsmarkt in Colmar im Elsass | Camping de l'Ill - Colmar","description":"Entdecken Sie die zauberhafte Welt der malerischen und ber\u00fchmten els\u00e4ssischen Weihnachtsm\u00e4rkte, indem Sie auf dem Camping de l'Ill in Colmar \u00fcbernachten.","robots":{"index":"index","follow":"follow","max-snippet":"max-snippet:-1","max-image-preview":"max-image-preview:large","max-video-preview":"max-video-preview:-1"},"canonical":"https:\/\/www.campingdelill.fr\/de\/weihnachtsmaerkte-colmar\/","og_locale":"de_DE","og_type":"article","og_title":"Weihnachtsmarkt in Colmar im Elsass | Camping de l'Ill - Colmar","og_description":"Entdecken Sie die zauberhafte Welt der malerischen und ber\u00fchmten els\u00e4ssischen Weihnachtsm\u00e4rkte, indem Sie auf dem Camping de l'Ill in Colmar \u00fcbernachten.","og_url":"https:\/\/www.campingdelill.fr\/de\/weihnachtsmaerkte-colmar\/","og_site_name":"Camping de Colmar","article_modified_time":"2025-09-30T13:46:39+00:00","twitter_card":"summary_large_image","twitter_misc":{"Est. reading time":"6 Minuten"},"schema":{"@context":"https:\/\/schema.org","@graph":[{"@type":"WebPage","@id":"https:\/\/www.campingdelill.fr\/de\/weihnachtsmaerkte-colmar\/","url":"https:\/\/www.campingdelill.fr\/de\/weihnachtsmaerkte-colmar\/","name":"Weihnachtsmarkt in Colmar im Elsass | Camping de l'Ill - Colmar","isPartOf":{"@id":"https:\/\/www.campingdelill.fr\/de\/#website"},"datePublished":"2022-12-12T16:29:13+00:00","dateModified":"2025-09-30T13:46:39+00:00","description":"Entdecken Sie die zauberhafte Welt der malerischen und ber\u00fchmten els\u00e4ssischen Weihnachtsm\u00e4rkte, indem Sie auf dem Camping de l'Ill in Colmar \u00fcbernachten.","breadcrumb":{"@id":"https:\/\/www.campingdelill.fr\/de\/weihnachtsmaerkte-colmar\/#breadcrumb"},"inLanguage":"de-DE","potentialAction":[{"@type":"ReadAction","target":["https:\/\/www.campingdelill.fr\/de\/weihnachtsmaerkte-colmar\/"]}]},{"@type":"BreadcrumbList","@id":"https:\/\/www.campingdelill.fr\/de\/weihnachtsmaerkte-colmar\/#breadcrumb","itemListElement":[{"@type":"ListItem","position":1,"name":"Accueil","item":"https:\/\/www.campingdelill.fr\/de\/"},{"@type":"ListItem","position":2,"name":"Weihnachtsm\u00e4rkte"}]},{"@type":"WebSite","@id":"https:\/\/www.campingdelill.fr\/de\/#website","url":"https:\/\/www.campingdelill.fr\/de\/","name":"Camping de Colmar","description":"Un site utilisant Citykamp","potentialAction":[{"@type":"SearchAction","target":{"@type":"EntryPoint","urlTemplate":"https:\/\/www.campingdelill.fr\/de\/?s={search_term_string}"},"query-input":{"@type":"PropertyValueSpecification","valueRequired":true,"valueName":"search_term_string"}}],"inLanguage":"de-DE"}]}},"_links":{"self":[{"href":"https:\/\/www.campingdelill.fr\/de\/wp-json\/wp\/v2\/pages\/3244","targetHints":{"allow":["GET"]}}],"collection":[{"href":"https:\/\/www.campingdelill.fr\/de\/wp-json\/wp\/v2\/pages"}],"about":[{"href":"https:\/\/www.campingdelill.fr\/de\/wp-json\/wp\/v2\/types\/page"}],"author":[{"embeddable":true,"href":"https:\/\/www.campingdelill.fr\/de\/wp-json\/wp\/v2\/users\/1"}],"replies":[{"embeddable":true,"href":"https:\/\/www.campingdelill.fr\/de\/wp-json\/wp\/v2\/comments?post=3244"}],"version-history":[{"count":3,"href":"https:\/\/www.campingdelill.fr\/de\/wp-json\/wp\/v2\/pages\/3244\/revisions"}],"predecessor-version":[{"id":3844,"href":"https:\/\/www.campingdelill.fr\/de\/wp-json\/wp\/v2\/pages\/3244\/revisions\/3844"}],"wp:attachment":[{"href":"https:\/\/www.campingdelill.fr\/de\/wp-json\/wp\/v2\/media?parent=3244"}],"curies":[{"name":"wp","href":"https:\/\/api.w.org\/{rel}","templated":true}]}}