{"id":403,"date":"2018-02-20T16:36:35","date_gmt":"2018-02-20T15:36:35","guid":{"rendered":"http:\/\/www.citykamp.com\/colmar\/de\/accueil\/"},"modified":"2026-04-13T10:52:53","modified_gmt":"2026-04-13T08:52:53","slug":"accueil","status":"publish","type":"page","link":"https:\/\/www.campingdelill.fr\/de\/","title":{"rendered":"Accueil"},"content":{"rendered":"<div class=\"wpb-content-wrapper\"><p>[vc_row][vc_column]<div class=\"wrappedcontent\">[vc_column_text css=&#8220;&#8220;]<\/p>\n<h1 style=\"text-align: center;\"><span style=\"font-size: 24pt;\"><strong>BLEIBEN SIE IM ELSASS IN COLMAR!<\/strong><\/span><\/h1>\n<p style=\"text-align: center;\"><span style=\"font-size: 12pt;\"><em><span style=\"color: #e84e1b;\">Er\u00f6ffnung : Vom 02\/04\/2026 bis zum 03\/01\/2027<br \/>\n<\/span><\/em><\/span><\/p>\n<p>Der Camping de L&#8217;Ill &#8211; Colmar liegt nur 2 km vom Stadtzentrum Colmars entfernt (problemlos \u00fcber den Fahrradweg erreichbar).<\/p>\n<p>Der Campingplatz ist von April bis Anfang Januar ge\u00f6ffnet und begr\u00fc\u00dft Sie in nat\u00fcrlicher Umgebung, am Flussufer der Ill. Ein gr\u00fcnes Fleckchen Erde in unmittelbarer N\u00e4he der Stadt.[\/vc_column_text][vc_empty_space height=&#8220;10px&#8220;][vc_row_inner gap=&#8220;35&#8243; css=&#8220;.vc_custom_1568212224777{margin-left: -0.5px !important;}&#8220;][vc_column_inner width=&#8220;1\/2&#8243;][vc_masonry_media_grid element_width=&#8220;12&#8243; gap=&#8220;0&#8243; item=&#8220;71&#8243; grid_id=&#8220;vc_gid:1776070338753-092b2eb4-ff78-1&#8243; include=&#8220;3604&#8243;][vc_column_text css=&#8220;.vc_custom_1669280246281{padding-bottom: 20px !important;}&#8220;]<\/p>\n<p style=\"text-align: center;\"><span style=\"color: #e84e1b; font-size: 18pt;\"><strong>Entdecken Sie Colmar<\/strong><\/span><\/p>\n<p>[\/vc_column_text][vc_column_text]Die Lage des Campingplatzes (20 km von der deutschen Grenze, 40 km von M\u00fclhausen und in der N\u00e4he des Regionalen Naturparks Ballons des Vosges) ist ideal, um die Stadt Colmar und das sch\u00f6ne Umland zu erkunden.[\/vc_column_text][\/vc_column_inner][vc_column_inner width=&#8220;1\/2&#8243;][vc_masonry_media_grid element_width=&#8220;12&#8243; gap=&#8220;0&#8243; item=&#8220;71&#8243; grid_id=&#8220;vc_gid:1776070338754-7bebaed1-74cf-7&#8243; include=&#8220;2870&#8243;][vc_column_text css=&#8220;.vc_custom_1669280250591{padding-bottom: 20px !important;}&#8220;]<\/p>\n<p style=\"text-align: center;\"><span style=\"color: #e84e1b; font-size: 18pt;\"><strong>Komfortabler Aufenthalt im Elsass<\/strong><\/span><\/p>\n<p>[\/vc_column_text][vc_column_text]Auf der rund 5 ha gro\u00dfen Anlage des Camping de l&#8217;Ill*** direkt am Flussufer haben Sie die M\u00f6glichkeit, mit eigener Ausr\u00fcstung (Zelt, Wohnwagen, Wohnmobil) auf einem der zahlreichen Stellpl\u00e4tze Ihr Camp aufzuschlagen oder eine unserer voll ausgestatteten originellen Tuch &amp; Holz-Zelte zu mieten. Entdecken Sie den Komfort des Vancouver-Mobilheims f\u00fcr einen Urlaub \u201ewie zu Hause\u201c \u2013 und doch mitten in der Natur! Sie k\u00f6nnen auch in einem unserer brandneuen Chalets bleiben.[\/vc_column_text][\/vc_column_inner][\/vc_row_inner][vc_empty_space height=&#8220;35px&#8220;]<div class=\"text-center btnwrap\"><a class=\"btn btn-huttopia-cta\" href=\"http:\/\/checkout.citykamp.com\/site\/de\/900\" role=\"button\" target=\"\" onclick=\"dataLayer.push({'event':'clickCity', 'clickText':'Ihren Aufenthalt buchen'})\">Ihren Aufenthalt buchen<\/a><\/div>[vc_row_inner gap=&#8220;10&#8243; css=&#8220;.vc_custom_1568212228512{margin-left: -0.5px !important;}&#8220;][vc_column_inner width=&#8220;1\/4&#8243;][vc_masonry_media_grid element_width=&#8220;12&#8243; gap=&#8220;0&#8243; item=&#8220;544&#8243; grid_id=&#8220;vc_gid:1776070338755-07e2fbca-27e4-0&#8243; include=&#8220;2884&#8243;][\/vc_column_inner][vc_column_inner width=&#8220;1\/4&#8243;][vc_masonry_media_grid element_width=&#8220;12&#8243; gap=&#8220;0&#8243; item=&#8220;546&#8243; grid_id=&#8220;vc_gid:1776070338755-1dc278c1-9a5f-5&#8243; include=&#8220;3609&#8243;][\/vc_column_inner][vc_column_inner width=&#8220;1\/4&#8243;][vc_masonry_media_grid element_width=&#8220;12&#8243; gap=&#8220;0&#8243; item=&#8220;547&#8243; grid_id=&#8220;vc_gid:1776070338756-02442cc5-da74-2&#8243; include=&#8220;2892&#8243;][\/vc_column_inner][vc_column_inner width=&#8220;1\/4&#8243;][vc_masonry_media_grid element_width=&#8220;12&#8243; gap=&#8220;0&#8243; item=&#8220;548&#8243; grid_id=&#8220;vc_gid:1776070338756-4c578eb1-4623-9&#8243; include=&#8220;3613&#8243;][\/vc_column_inner][\/vc_row_inner][vc_empty_space height=&#8220;50px&#8220;][vc_row_inner gap=&#8220;30&#8243; css=&#8220;.vc_custom_1678878222949{margin-left: -0.5px !important;background-color: rgba(232,78,27,0.2) !important;*background-color: rgb(232,78,27) !important;}&#8220;][vc_column_inner width=&#8220;1\/3&#8243;][vc_masonry_media_grid element_width=&#8220;12&#8243; grid_id=&#8220;vc_gid:1776070338757-f1296f27-46ff-3&#8243; include=&#8220;3333&#8243;][\/vc_column_inner][vc_column_inner width=&#8220;2\/3&#8243;][vc_column_text]<\/p>\n<h2><span style=\"color: #e94e1b;\">CAMPING CARD<\/span><\/h2>\n<p><span style=\"font-size: 12pt;\">Campen Sie ab <span style=\"color: #e84e1b;\"><strong>15\u20ac<\/strong><\/span>* pro \u00dcbernachtung mit der <span style=\"color: #e94e1b;\"><a style=\"color: #e94e1b;\" href=\"https:\/\/www.citykamp.com\/de\/camping-card\/\"><span style=\"text-decoration: underline;\">Camping Card<\/span><\/a><\/span>\u00a0Huttopia.<\/span><br \/>\n<span style=\"font-size: 12pt;\">Profitieren Sie von reduzierten Preisen und Gratis\u00fcbernachtungen in der Vor- und Nachsaison auf allen <span style=\"text-decoration: underline; color: #e94e1b;\"><a style=\"color: #e94e1b; text-decoration: underline;\" href=\"https:\/\/www.citykamp.com\/de\/reiseziele\/\">CityKamp<\/a><\/span> Campingpl\u00e4tzen, <span style=\"text-decoration: underline; color: #e94e1b;\"><a style=\"color: #e94e1b; text-decoration: underline;\" href=\"https:\/\/www.onlycamp.fr\/en\/\">Onlycamp<\/a><\/span> en <span style=\"text-decoration: underline; color: #e94e1b;\"><a style=\"color: #e94e1b; text-decoration: underline;\" href=\"https:\/\/europe.huttopia.com\/de\/destinations\/campings\/\">Huttopia Campingpl\u00e4tzen<\/a><\/span>.<\/span><\/p>\n<p><em><span style=\"font-size: 10pt;\">*Preis beinhaltet 1 Stellplatz f\u00fcr 2 Personen mit Stromanschluss (+ Haustier gratis)<\/span><\/em>[\/vc_column_text]<div class=\" btnwrap\"><a class=\"btn btn-huttopia-cta\" href=\"https:\/\/www.citykamp.com\/de\/camping-card\/\" role=\"button\" target=\"true\" onclick=\"dataLayer.push({'event':'clickCity', 'clickText':'Mehr erfahren'})\">Mehr erfahren<\/a><\/div>[\/vc_column_inner][\/vc_row_inner][vc_empty_space height=&#8220;50px&#8220;][vc_row_inner equal_height=&#8220;yes&#8220; content_placement=&#8220;middle&#8220; gap=&#8220;20&#8243; css=&#8220;.vc_custom_1568212234975{margin-left: -0.5px !important;}&#8220;][vc_column_inner width=&#8220;1\/3&#8243; css=&#8220;.vc_custom_1526985143481{background-color: #e8e8e8 !important;}&#8220;][vc_icon icon_fontawesome=&#8220;far fa-map&#8220; color=&#8220;custom&#8220; size=&#8220;lg&#8220; align=&#8220;center&#8220; css=&#8220;.vc_custom_1675940241563{margin-bottom: -10px !important;padding-top: 15px !important;}&#8220; custom_color=&#8220;#e84e1b&#8220; link=&#8220;url:https%3A%2F%2Fmedia.huttopia.com%2Fdestinations%2Fcolmar%2Fplan-camping-citykamp-colmar.pdf|target:_blank&#8220;][vc_column_text css=&#8220;.vc_custom_1675940246895{padding-top: 25px !important;padding-right: 15px !important;padding-bottom: 15px !important;padding-left: 15px !important;}&#8220;]<\/p>\n<p style=\"text-align: center;\"><a href=\"https:\/\/media.huttopia.com\/destinations\/colmar\/plan-camping-citykamp-colmar.pdf\" target=\"_blank\" rel=\"noopener noreferrer\"><strong>Platzplan<\/strong><\/a><\/p>\n<p>[\/vc_column_text][\/vc_column_inner][vc_column_inner width=&#8220;1\/3&#8243; css=&#8220;.vc_custom_1526985150011{background-color: #e8e8e8 !important;}&#8220;][vc_icon icon_fontawesome=&#8220;fa fa-envelope-o&#8220; color=&#8220;custom&#8220; size=&#8220;lg&#8220; align=&#8220;center&#8220; css=&#8220;.vc_custom_1527067746042{margin-bottom: -10px !important;padding-top: 15px !important;}&#8220; custom_color=&#8220;#e84e1b&#8220; link=&#8220;url:https%3A%2F%2Fwww.campingdelill.fr%2Fde%2Fkontakt%2F||target:%20_blank|&#8220;][vc_column_text css=&#8220;.vc_custom_1527067754048{padding-top: 25px !important;padding-right: 15px !important;padding-bottom: 15px !important;padding-left: 15px !important;}&#8220;]<\/p>\n<p style=\"text-align: center;\"><a href=\"https:\/\/www.campingdelill.fr\/de\/kontakt\/\" target=\"_blank\" rel=\"noopener noreferrer\"><strong>Kontakt<\/strong><\/a><\/p>\n<p>[\/vc_column_text][\/vc_column_inner][vc_column_inner width=&#8220;1\/3&#8243; css=&#8220;.vc_custom_1526985156459{background-color: #e8e8e8 !important;}&#8220;][vc_icon icon_fontawesome=&#8220;fa fa-map-marker&#8220; color=&#8220;custom&#8220; size=&#8220;lg&#8220; align=&#8220;center&#8220; css=&#8220;.vc_custom_1526984857582{margin-bottom: -10px !important;padding-top: 15px !important;}&#8220; custom_color=&#8220;#e84e1b&#8220; link=&#8220;url:https%3A%2F%2Fgoo.gl%2Fmaps%2FeC9ymUXFz592||target:%20_blank|&#8220;][vc_column_text css=&#8220;.vc_custom_1526986460906{padding-top: 25px !important;padding-right: 15px !important;padding-bottom: 15px !important;padding-left: 15px !important;}&#8220;]<\/p>\n<p style=\"text-align: center;\"><a href=\"https:\/\/goo.gl\/maps\/eC9ymUXFz592\" target=\"_blank\" rel=\"noopener noreferrer\"><strong>Reiseroute<\/strong><\/a><\/p>\n<p>[\/vc_column_text][\/vc_column_inner][\/vc_row_inner]<\/div>[\/vc_column][\/vc_row][vc_row css=&#8220;.vc_custom_1519201430812{background-color: #e8e8e8 !important;}&#8220;][vc_column]<div class=\"wrappedcontent\">[vc_column_text]<\/p>\n<h4>Entscheiden Sie sich f\u00fcr einen Halt in der Stadt mitten in der Natur!<\/h4>\n<p>[\/vc_column_text][vc_row_inner][vc_column_inner][vc_column_text css=&#8220;&#8220;]<\/p>\n<ul>\n<li>Restaurant<\/li>\n<li>Waschsalon<\/li>\n<li>Spielplatz<\/li>\n<\/ul>\n<p>[\/vc_column_text][\/vc_column_inner][\/vc_row_inner]<\/div>[\/vc_column][\/vc_row][vc_row][vc_column]<div class=\"wrappedcontent\">[vc_row_inner gap=&#8220;20&#8243;][vc_column_inner width=&#8220;1\/2&#8243;][vc_column_text]<\/p>\n<h4>Besuchen Sie die Stadt Colmar<\/h4>\n<p>Von hier aus k\u00f6nnen Sie dank der N\u00e4he zu Colmar unbeschwert die Sehensw\u00fcrdigkeiten der Stadt und der Region erkunden, ob mit Familie oder Freunden, im Fr\u00fchling, Sommer oder in der Weihnachtszeit (Weihnachtsmarkt von Colmar&#8230;).<br \/>\nUnternehmen Sie Aktivit\u00e4ten im Freien wie Kanufahrten, Bootsausfl\u00fcge auf den els\u00e4ssischen Kan\u00e4len, Ausritte und Angeln, Spazierg\u00e4nge und Fahrradtouren entlang der Ill.[\/vc_column_text][\/vc_column_inner][vc_column_inner width=&#8220;1\/2&#8243;][vc_masonry_media_grid gap=&#8220;10&#8243; item=&#8220;97&#8243; grid_id=&#8220;vc_gid:1776070338758-e2c976b9-fc9d-7&#8243; include=&#8220;1478,1470,916&#8243;][\/vc_column_inner][\/vc_row_inner]<\/div>[\/vc_column][\/vc_row][vc_row css=&#8220;.vc_custom_1519201921477{background-color: #e8e8e8 !important;}&#8220;][vc_column]<div class=\"wrappedcontent\">[vc_column_text]<\/p>\n<h4>Anreise<\/h4>\n<p>[\/vc_column_text][vc_empty_space height=&#8220;20px&#8220;][vc_row_inner gap=&#8220;25&#8243;][vc_column_inner width=&#8220;1\/3&#8243;][vc_column_text]<\/p>\n<h5>Mit dem Auto<\/h5>\n<p>Ab Paris: \u00dcber die A4, anschlie\u00dfend die A35 fahren, dann die D201 weiter in Richtung Colmar.<br \/>\nAb M\u00fclhausen: die A35 fahren, Ausfahrt 25.[\/vc_column_text][\/vc_column_inner][vc_column_inner width=&#8220;1\/3&#8243;][vc_column_text]<\/p>\n<h5>Mit dem Zug<\/h5>\n<p>N\u00e4chster SNCF-Bahnhof: Colmar (5km)[\/vc_column_text][\/vc_column_inner][vc_column_inner width=&#8220;1\/3&#8243;][vc_column_text]<\/p>\n<h5>Mit dem Flugzeug<\/h5>\n<p>N\u00e4chster Flughafen: EuroAirport Basel-Mulhouse-Freiburg (60km)[\/vc_column_text][\/vc_column_inner][\/vc_row_inner]<\/div>\n    <div id=\"map765074\" class=\"map\"><\/div>\n    <script type=\"text\/javascript\">\n        let iconType = L.icon({\n            iconUrl: baseDirectory + '\/img\/pin.png',\n            iconSize: [22, 48],\n            iconAnchor: [11, 46],\n            popupAnchor: [0, -46]\n        });\n        let map = L.map('map765074', {\n            center: L.latLng(48.0791101, 7.386474700000008),\n            zoom: 10.8,\n            layers: [L.tileLayer('https:\/\/cartodb-basemaps-b.global.ssl.fastly.net\/light_all\/{z}\/{x}\/{y}.png', {\n                attribution: '&copy; <a href=\"https:\/\/www.openstreetmap.org\/copyright\">OpenStreetMap<\/a>'\n            })],\n            zoomSnap: 0.2\n        });\n        setTimeout(map.invalidateSize.bind(map), 100);\n        let contentString = '<div id=\"content\">' +\n            '<div id=\"siteNotice\">' +\n            '<\/div>' +\n            '<h4 id=\"firstHeading\" class=\"firstHeading\">Camping de l\\'Ill - Colmar<\/h4>' +\n            '<div id=\"bodyContent\">' +\n            '<p>1, all\u00e9e du Camping<\/p>' +\n            '<p>68180 Colmar - Horbourg Wihr<\/p>' +\n            '<\/div>' +\n            '<\/div>';\n        let marker = L.marker([48.0791101, 7.386474700000008], {icon: iconType}).addTo(map);\n        marker.bindPopup(contentString).openPopup();\n        let iwOuter = document.querySelector('.leaflet-popup-content-wrapper');\n        let iwArrow = document.querySelector('.leaflet-popup-tip');\n        iwOuter.style.backgroundColor = '#E84E1B';\n        iwArrow.style.backgroundColor = '#E84E1B';\n    <\/script>\n    [\/vc_column][\/vc_row][vc_row][vc_column]<div class=\"wrappedcontent\">[vc_row_inner][vc_column_inner width=&#8220;1\/4&#8243;][vc_column_text]<\/p>\n<p style=\"text-align: center;\"><span style=\"font-size: 10pt;\">3<\/span><\/p>\n<p>[\/vc_column_text][vc_icon icon_fontawesome=&#8220;fa fa-star&#8220; color=&#8220;mulled_wine&#8220; size=&#8220;xs&#8220; align=&#8220;center&#8220;][\/vc_column_inner][vc_column_inner width=&#8220;1\/4&#8243;][vc_column_text]<\/p>\n<p style=\"text-align: center;\"><span style=\"font-size: 13.3333px;\">Gesamtfl\u00e4che: 5 Hektar<\/span><\/p>\n<p>[\/vc_column_text][vc_icon icon_fontawesome=&#8220;fa fa-envira&#8220; color=&#8220;mulled_wine&#8220; size=&#8220;xs&#8220; align=&#8220;center&#8220;][\/vc_column_inner][vc_column_inner width=&#8220;1\/4&#8243;][vc_column_text]<\/p>\n<p style=\"text-align: center;\"><span style=\"font-size: 13.3333px;\">163 Stellpl\u00e4tze<\/span><\/p>\n<p>[\/vc_column_text][vc_icon icon_fontawesome=&#8220;fa fa-home&#8220; color=&#8220;mulled_wine&#8220; size=&#8220;xs&#8220; align=&#8220;center&#8220;][\/vc_column_inner][vc_column_inner width=&#8220;1\/4&#8243;][vc_column_text]<\/p>\n<p style=\"text-align: center;\"><span style=\"font-size: 13.3333px;\">behindertengerechter Zugang<\/span><\/p>\n<p>[\/vc_column_text][vc_icon icon_fontawesome=&#8220;fa fa-wheelchair&#8220; color=&#8220;mulled_wine&#8220; size=&#8220;xs&#8220; align=&#8220;center&#8220;][\/vc_column_inner][\/vc_row_inner]<\/div>[\/vc_column][\/vc_row]<\/p>\n<\/div>","protected":false},"excerpt":{"rendered":"<p>[vc_row][vc_column][\/vc_column][\/vc_row][vc_row css=&#8220;.vc_custom_1519201430812{background-color: #e8e8e8 !important;}&#8220;][vc_column][\/vc_column][\/vc_row][vc_row][vc_column][\/vc_column][\/vc_row][vc_row css=&#8220;.vc_custom_1519201921477{background-color: #e8e8e8 !important;}&#8220;][vc_column][\/vc_column][\/vc_row][vc_row][vc_column][\/vc_column][\/vc_row]<\/p>\n","protected":false},"author":1,"featured_media":0,"parent":0,"menu_order":0,"comment_status":"closed","ping_status":"closed","template":"templates\/page-home.php","meta":{"footnotes":""},"class_list":["post-403","page","type-page","status-publish","hentry"],"yoast_head":"<!-- This site is optimized with the Yoast SEO plugin v25.6 - https:\/\/yoast.com\/wordpress\/plugins\/seo\/ -->\n<title>Camping de l&#039;Ill - Colmar - Bleiben Sie im Herzen des Elsass<\/title>\n<meta name=\"description\" content=\"Dieser 5 Hektar gro\u00dfe Campingplatz am Ufer der Ill ist der ideale Ausgangspunkt, um Colmar und das Elsass zu jeder Jahreszeit zu entdecken.\" \/>\n<meta name=\"robots\" content=\"index, follow, max-snippet:-1, max-image-preview:large, max-video-preview:-1\" \/>\n<link rel=\"canonical\" href=\"https:\/\/www.campingdelill.fr\/de\/\" \/>\n<meta property=\"og:locale\" content=\"de_DE\" \/>\n<meta property=\"og:type\" content=\"article\" \/>\n<meta property=\"og:title\" content=\"Camping de l&#039;Ill - Colmar - Bleiben Sie im Herzen des Elsass\" \/>\n<meta property=\"og:description\" content=\"Dieser 5 Hektar gro\u00dfe Campingplatz am Ufer der Ill ist der ideale Ausgangspunkt, um Colmar und das Elsass zu jeder Jahreszeit zu entdecken.\" \/>\n<meta property=\"og:url\" content=\"https:\/\/www.campingdelill.fr\/de\/\" \/>\n<meta property=\"og:site_name\" content=\"Camping de Colmar\" \/>\n<meta property=\"article:modified_time\" content=\"2026-04-13T08:52:53+00:00\" \/>\n<meta property=\"og:image\" content=\"https:\/\/www.campingdelill.fr\/uploads\/sites\/9\/2022\/11\/ck_colmar_locatifs_galerie_7.jpg\" \/>\n\t<meta property=\"og:image:width\" content=\"1000\" \/>\n\t<meta property=\"og:image:height\" content=\"667\" \/>\n\t<meta property=\"og:image:type\" content=\"image\/jpeg\" \/>\n<meta name=\"twitter:card\" content=\"summary_large_image\" \/>\n<meta name=\"twitter:label1\" content=\"Est. reading time\" \/>\n\t<meta name=\"twitter:data1\" content=\"5 Minuten\" \/>\n<script type=\"application\/ld+json\" class=\"yoast-schema-graph\">{\"@context\":\"https:\/\/schema.org\",\"@graph\":[{\"@type\":\"WebPage\",\"@id\":\"https:\/\/www.campingdelill.fr\/de\/\",\"url\":\"https:\/\/www.campingdelill.fr\/de\/\",\"name\":\"Camping de l'Ill - Colmar - Bleiben Sie im Herzen des Elsass\",\"isPartOf\":{\"@id\":\"https:\/\/www.campingdelill.fr\/de\/#website\"},\"datePublished\":\"2018-02-20T15:36:35+00:00\",\"dateModified\":\"2026-04-13T08:52:53+00:00\",\"description\":\"Dieser 5 Hektar gro\u00dfe Campingplatz am Ufer der Ill ist der ideale Ausgangspunkt, um Colmar und das Elsass zu jeder Jahreszeit zu entdecken.\",\"breadcrumb\":{\"@id\":\"https:\/\/www.campingdelill.fr\/de\/#breadcrumb\"},\"inLanguage\":\"de-DE\",\"potentialAction\":[{\"@type\":\"ReadAction\",\"target\":[\"https:\/\/www.campingdelill.fr\/de\/\"]}]},{\"@type\":\"BreadcrumbList\",\"@id\":\"https:\/\/www.campingdelill.fr\/de\/#breadcrumb\",\"itemListElement\":[{\"@type\":\"ListItem\",\"position\":1,\"name\":\"Accueil\",\"item\":\"https:\/\/www.campingdelill.fr\/de\/\"},{\"@type\":\"ListItem\",\"position\":2,\"name\":\"Accueil\"}]},{\"@type\":\"WebSite\",\"@id\":\"https:\/\/www.campingdelill.fr\/de\/#website\",\"url\":\"https:\/\/www.campingdelill.fr\/de\/\",\"name\":\"Camping de Colmar\",\"description\":\"Un site utilisant Citykamp\",\"potentialAction\":[{\"@type\":\"SearchAction\",\"target\":{\"@type\":\"EntryPoint\",\"urlTemplate\":\"https:\/\/www.campingdelill.fr\/de\/?s={search_term_string}\"},\"query-input\":{\"@type\":\"PropertyValueSpecification\",\"valueRequired\":true,\"valueName\":\"search_term_string\"}}],\"inLanguage\":\"de-DE\"}]}<\/script>\n<!-- \/ Yoast SEO plugin. -->","yoast_head_json":{"title":"Camping de l'Ill - Colmar - Bleiben Sie im Herzen des Elsass","description":"Dieser 5 Hektar gro\u00dfe Campingplatz am Ufer der Ill ist der ideale Ausgangspunkt, um Colmar und das Elsass zu jeder Jahreszeit zu entdecken.","robots":{"index":"index","follow":"follow","max-snippet":"max-snippet:-1","max-image-preview":"max-image-preview:large","max-video-preview":"max-video-preview:-1"},"canonical":"https:\/\/www.campingdelill.fr\/de\/","og_locale":"de_DE","og_type":"article","og_title":"Camping de l'Ill - Colmar - Bleiben Sie im Herzen des Elsass","og_description":"Dieser 5 Hektar gro\u00dfe Campingplatz am Ufer der Ill ist der ideale Ausgangspunkt, um Colmar und das Elsass zu jeder Jahreszeit zu entdecken.","og_url":"https:\/\/www.campingdelill.fr\/de\/","og_site_name":"Camping de Colmar","article_modified_time":"2026-04-13T08:52:53+00:00","og_image":[{"width":1000,"height":667,"url":"https:\/\/www.campingdelill.fr\/uploads\/sites\/9\/2022\/11\/ck_colmar_locatifs_galerie_7.jpg","type":"image\/jpeg"}],"twitter_card":"summary_large_image","twitter_misc":{"Est. reading time":"5 Minuten"},"schema":{"@context":"https:\/\/schema.org","@graph":[{"@type":"WebPage","@id":"https:\/\/www.campingdelill.fr\/de\/","url":"https:\/\/www.campingdelill.fr\/de\/","name":"Camping de l'Ill - Colmar - Bleiben Sie im Herzen des Elsass","isPartOf":{"@id":"https:\/\/www.campingdelill.fr\/de\/#website"},"datePublished":"2018-02-20T15:36:35+00:00","dateModified":"2026-04-13T08:52:53+00:00","description":"Dieser 5 Hektar gro\u00dfe Campingplatz am Ufer der Ill ist der ideale Ausgangspunkt, um Colmar und das Elsass zu jeder Jahreszeit zu entdecken.","breadcrumb":{"@id":"https:\/\/www.campingdelill.fr\/de\/#breadcrumb"},"inLanguage":"de-DE","potentialAction":[{"@type":"ReadAction","target":["https:\/\/www.campingdelill.fr\/de\/"]}]},{"@type":"BreadcrumbList","@id":"https:\/\/www.campingdelill.fr\/de\/#breadcrumb","itemListElement":[{"@type":"ListItem","position":1,"name":"Accueil","item":"https:\/\/www.campingdelill.fr\/de\/"},{"@type":"ListItem","position":2,"name":"Accueil"}]},{"@type":"WebSite","@id":"https:\/\/www.campingdelill.fr\/de\/#website","url":"https:\/\/www.campingdelill.fr\/de\/","name":"Camping de Colmar","description":"Un site utilisant Citykamp","potentialAction":[{"@type":"SearchAction","target":{"@type":"EntryPoint","urlTemplate":"https:\/\/www.campingdelill.fr\/de\/?s={search_term_string}"},"query-input":{"@type":"PropertyValueSpecification","valueRequired":true,"valueName":"search_term_string"}}],"inLanguage":"de-DE"}]}},"_links":{"self":[{"href":"https:\/\/www.campingdelill.fr\/de\/wp-json\/wp\/v2\/pages\/403","targetHints":{"allow":["GET"]}}],"collection":[{"href":"https:\/\/www.campingdelill.fr\/de\/wp-json\/wp\/v2\/pages"}],"about":[{"href":"https:\/\/www.campingdelill.fr\/de\/wp-json\/wp\/v2\/types\/page"}],"author":[{"embeddable":true,"href":"https:\/\/www.campingdelill.fr\/de\/wp-json\/wp\/v2\/users\/1"}],"replies":[{"embeddable":true,"href":"https:\/\/www.campingdelill.fr\/de\/wp-json\/wp\/v2\/comments?post=403"}],"version-history":[{"count":8,"href":"https:\/\/www.campingdelill.fr\/de\/wp-json\/wp\/v2\/pages\/403\/revisions"}],"predecessor-version":[{"id":3916,"href":"https:\/\/www.campingdelill.fr\/de\/wp-json\/wp\/v2\/pages\/403\/revisions\/3916"}],"wp:attachment":[{"href":"https:\/\/www.campingdelill.fr\/de\/wp-json\/wp\/v2\/media?parent=403"}],"curies":[{"name":"wp","href":"https:\/\/api.w.org\/{rel}","templated":true}]}}