{"id":408,"date":"2018-02-20T16:38:09","date_gmt":"2018-02-20T15:38:09","guid":{"rendered":"http:\/\/www.citykamp.com\/colmar\/nl\/locatifs\/"},"modified":"2026-04-13T10:57:01","modified_gmt":"2026-04-13T08:57:01","slug":"accommodaties","status":"publish","type":"page","link":"https:\/\/www.campingdelill.fr\/nl\/accommodaties\/","title":{"rendered":"Locatifs"},"content":{"rendered":"<div class=\"wpb-content-wrapper\"><p>[vc_row][vc_column][vc_single_image image=&#8221;2950&#8243; img_size=&#8221;1900&#215;500&#8243;][\/vc_column][\/vc_row][vc_row][vc_column]<div class=\"wrappedcontent\">[vc_row_inner gap=&#8221;35&#8243;][vc_column_inner width=&#8221;2\/3&#8243;][vc_column_text]<\/p>\n<h3>Ontdek onze volledig uitgeruste accommodatie voor een comfortabel verblijf<\/h3>\n<p>Op camping de l\u2019Ill \u2013 Colmar in de buurt van Colmar in Horbourg-Wihr, ontdekt u Toile &amp; Bois tenten en onze stacaravan voor een verblijf in de vrije natuur. U kunt ook uw vakantie in de Elzas door te brengen in onze nieuwe chalets.<\/p>\n<p>Geniet van een praktische en economische accommodatie om met het gezin of vrienden Colmar te bezoeken.<\/p>\n<div data-pm-slice=\"1 1 []\" data-en-clipboard=\"true\"><i>Beddengoed en handdoeken zijn inbegrepen.<\/i><\/div>\n<p>[\/vc_column_text][\/vc_column_inner][vc_column_inner width=&#8221;1\/3&#8243; css=&#8221;.vc_custom_1555053092147{background-color: #e84e1b !important;}&#8221;][vc_column_text css=&#8221;.vc_custom_1710857273020{padding-top: 20px !important;padding-right: 25px !important;padding-bottom: 20px !important;padding-left: 25px !important;}&#8221;]<\/p>\n<p style=\"text-align: center;\"><span style=\"color: #ffffff;\"><strong>ONTDEK ONZE ACCOMMODATIE<\/strong><\/span><\/p>\n<p style=\"text-align: center;\"><span style=\"color: #ffffff;\"><a style=\"color: #ffffff;\" href=\"#chalets\"><u>Chalets<\/u><\/a><\/span><br \/>\n<span style=\"color: #ffffff;\"><a style=\"color: #ffffff;\" href=\"#tentestoiles&amp;bois\"><u>Toile &amp; Bois Tenten<\/u><\/a><\/span><\/p>\n<p>[\/vc_column_text][\/vc_column_inner][\/vc_row_inner]<\/div>[\/vc_column][\/vc_row][vc_row el_id=&#8221;chalets&#8221; css=&#8221;.vc_custom_1555059948000{background-color: #e8e8e8 !important;}&#8221;][vc_column]<div class=\"wrappedcontent\">[vc_column_text]<\/p>\n<h2 style=\"text-align: center;\">CHALETS<\/h2>\n<p>[\/vc_column_text][vc_empty_space height=&#8221;35px&#8221;][vc_column_text css=&#8221;.vc_custom_1727700946989{padding-top: 15px !important;padding-right: 15px !important;padding-bottom: 15px !important;padding-left: 15px !important;background-color: #ffffff !important;}&#8221;]<\/p>\n<p style=\"text-align: center;\"><span style=\"font-size: 16pt;\"><strong>CHALET MONTANA<br \/>\n<\/strong><\/span><span style=\"font-size: 14pt;\">5 pers. &#8211; 35 m\u00b2 + 10 m\u00b2<\/span><\/p>\n<p>[\/vc_column_text][vc_empty_space height=&#8221;35px&#8221; css=&#8221;.vc_custom_1555059529515{background-color: #ffffff !important;}&#8221;][vc_masonry_media_grid element_width=&#8221;3&#8243; gap=&#8221;10&#8243; item=&#8221;613&#8243; css=&#8221;.vc_custom_1701348797233{background-color: #ffffff !important;}&#8221; grid_id=&#8221;vc_gid:1776070598202-93766ac8-d681-6&#8243; include=&#8221;3575,3587,3583,3579&#8243;][vc_row_inner equal_height=&#8221;yes&#8221; content_placement=&#8221;middle&#8221; gap=&#8221;25&#8243; css=&#8221;.vc_custom_1555054119310{margin-left: -0.5px !important;background-color: #ffffff !important;}&#8221;][vc_column_inner width=&#8221;1\/2&#8243;][vc_column_text css=&#8221;.vc_custom_1727700954275{padding-right: 25px !important;padding-bottom: 25px !important;padding-left: 25px !important;background-color: #ffffff !important;}&#8221;]<span style=\"color: #e84e1b;\"><strong>De chalet Montana is een comfortabele en gezellige accommodatie.<\/strong><\/span> <strong>De chalet is volledig ingericht en heeft een woonruimte met uitgeruste keukenhoek en een houtkachel in de woonkamer.<\/strong><\/p>\n<p>Er zijn twee slaapkamers: een met een tweepersoonsbed (140 x 200) en een met een stapelbed (2 slaapplaatsen van 90 x 190) en een uitschuifbed (80 x 180).<\/p>\n<p>De chalet Montana heeft eveneens een badkamer met douchecabine en een toilet.<\/p>\n<p><span style=\"text-decoration: underline;\"><a href=\"https:\/\/media.huttopia.com\/hebergements\/53-chalet-indigo\/inventaires\/citykamp-inventaire-chalet-montana-fr-en.pdf\" target=\"_blank\" rel=\"noopener\">&gt; Inventarislijst<\/a><\/span>[\/vc_column_text][\/vc_column_inner][vc_column_inner width=&#8221;1\/2&#8243;][vc_icon type=&#8221;material&#8221; icon_material=&#8221;vc-material vc-material-kitchen&#8221; color=&#8221;mulled_wine&#8221; size=&#8221;sm&#8221; align=&#8221;center&#8221; css=&#8221;.vc_custom_1555054259030{margin-top: -10px !important;margin-bottom: -10px !important;}&#8221;][vc_column_text]<\/p>\n<p style=\"text-align: center;\">Kitchenette<\/p>\n<p>[\/vc_column_text][vc_separator color=&#8221;mulled_wine&#8221; el_width=&#8221;80&#8243; css=&#8221;.vc_custom_1555054304041{padding-top: 15px !important;padding-right: 15px !important;padding-bottom: 15px !important;padding-left: 15px !important;}&#8221;][vc_icon type=&#8221;material&#8221; icon_material=&#8221;vc-material vc-material-beach_access&#8221; color=&#8221;mulled_wine&#8221; size=&#8221;sm&#8221; align=&#8221;center&#8221; css=&#8221;.vc_custom_1555054322527{margin-top: -10px !important;margin-bottom: -10px !important;}&#8221;][vc_column_text]<\/p>\n<p style=\"text-align: center;\">Terras<\/p>\n<p>[\/vc_column_text][vc_separator color=&#8221;mulled_wine&#8221; el_width=&#8221;80&#8243; css=&#8221;.vc_custom_1555054304041{padding-top: 15px !important;padding-right: 15px !important;padding-bottom: 15px !important;padding-left: 15px !important;}&#8221;][vc_empty_space height=&#8221;12px&#8221;][vc_btn title=&#8221;ZIE HET PLAN&#8221; style=&#8221;custom&#8221; custom_background=&#8221;#e84e1b&#8221; custom_text=&#8221;#ffffff&#8221; shape=&#8221;square&#8221; size=&#8221;xs&#8221; align=&#8221;center&#8221; link=&#8221;url:https%3A%2F%2Fmedia.huttopia.com%2Fhebergements%2F53-chalet-indigo%2F53-chalet-indigo-plan.jpg||target:%20_blank|&#8221;][\/vc_column_inner][\/vc_row_inner][vc_empty_space height=&#8221;35px&#8221;][vc_column_text css=&#8221;.vc_custom_1706087502156{padding-top: 15px !important;padding-right: 15px !important;padding-bottom: 15px !important;padding-left: 15px !important;background-color: #ffffff !important;}&#8221;]<\/p>\n<p style=\"text-align: center;\"><span style=\"font-size: 16pt;\"><strong>CHALET COLUMBIA<br \/>\n<\/strong><\/span>6 pers.\u00a0 \u00a0|\u00a0 \u00a02 kamers\u00a0 \u00a0|\u00a0 \u00a0badkamer<\/p>\n<p>[\/vc_column_text][vc_empty_space height=&#8221;35px&#8221; css=&#8221;.vc_custom_1555059529515{background-color: #ffffff !important;}&#8221;][vc_masonry_media_grid element_width=&#8221;3&#8243; gap=&#8221;10&#8243; item=&#8221;613&#8243; css=&#8221;.vc_custom_1699948615395{background-color: #ffffff !important;}&#8221; grid_id=&#8221;vc_gid:1776070598205-ed8f8d3c-02bd-3&#8243; include=&#8221;3453,3465,3457,3461&#8243;][vc_row_inner equal_height=&#8221;yes&#8221; content_placement=&#8221;middle&#8221; gap=&#8221;25&#8243; css=&#8221;.vc_custom_1555054119310{margin-left: -0.5px !important;background-color: #ffffff !important;}&#8221;][vc_column_inner width=&#8221;1\/2&#8243;][vc_column_text css=&#8221;.vc_custom_1718096915719{padding-bottom: 25px !important;padding-left: 25px !important;}&#8221;]Een slim ingerichte mobilhome, met een gezellig woongedeelte en een gebruiksvriendelijke keuken. Het mooiste: een ruim terras waar u tijdens uw verblijf in de Elzas van de natuur kunt genieten.<\/p>\n<p><a href=\"https:\/\/media.huttopia.com\/hebergements\/185-mobile-home-columbia\/Inventaires\/citykamp-inventaires-mobile-home-columbia-fr-en.pdf\" target=\"_blank\" rel=\"noopener\">&gt; <u>Inventarislijst<\/u><\/a>[\/vc_column_text][\/vc_column_inner][vc_column_inner width=&#8221;1\/2&#8243;][vc_icon type=&#8221;material&#8221; icon_material=&#8221;vc-material vc-material-kitchen&#8221; color=&#8221;mulled_wine&#8221; size=&#8221;sm&#8221; align=&#8221;center&#8221; css=&#8221;.vc_custom_1555054259030{margin-top: -10px !important;margin-bottom: -10px !important;}&#8221;][vc_column_text]<\/p>\n<p style=\"text-align: center;\">Kitchenette<\/p>\n<p>[\/vc_column_text][vc_separator color=&#8221;mulled_wine&#8221; el_width=&#8221;80&#8243; css=&#8221;.vc_custom_1555054304041{padding-top: 15px !important;padding-right: 15px !important;padding-bottom: 15px !important;padding-left: 15px !important;}&#8221;][vc_icon type=&#8221;material&#8221; icon_material=&#8221;vc-material vc-material-beach_access&#8221; color=&#8221;mulled_wine&#8221; size=&#8221;sm&#8221; align=&#8221;center&#8221; css=&#8221;.vc_custom_1555054322527{margin-top: -10px !important;margin-bottom: -10px !important;}&#8221;][vc_column_text]<\/p>\n<p style=\"text-align: center;\">Terras<\/p>\n<p>[\/vc_column_text][vc_empty_space height=&#8221;12px&#8221;][vc_btn title=&#8221;ZIE HET PLAN&#8221; style=&#8221;custom&#8221; custom_background=&#8221;#e84e1b&#8221; custom_text=&#8221;#ffffff&#8221; shape=&#8221;square&#8221; size=&#8221;xs&#8221; align=&#8221;center&#8221; link=&#8221;url:https%3A%2F%2Fmedia.huttopia.com%2Fhebergements%2F185-mobile-home-columbia%2Fplan-mh-columbia.jpg|target:_blank&#8221;][\/vc_column_inner][\/vc_row_inner]<\/div>[\/vc_column][\/vc_row][vc_row el_id=&#8221;tentestoiles&amp;bois&#8221; css=&#8221;.vc_custom_1555053279800{background-color: #e8e8e8 !important;}&#8221;][vc_column]<div class=\"wrappedcontent\">[vc_column_text]<\/p>\n<h2 style=\"text-align: center;\">DE TOILE &amp; BOIS TENTEN<\/h2>\n<p>[\/vc_column_text][vc_empty_space height=&#8221;35px&#8221;][vc_column_text css=&#8221;.vc_custom_1761729767069{padding-top: 15px !important;padding-right: 15px !important;padding-bottom: 15px !important;padding-left: 15px !important;background-color: #ffffff !important;}&#8221;]<\/p>\n<p style=\"text-align: center;\"><span style=\"font-size: 16pt;\"><strong>CLASSIC TENTEN<br \/>\n<\/strong><\/span><span style=\"font-size: 14pt;\">5 pers. &#8211; 20 m\u00b2<\/span><\/p>\n<p>[\/vc_column_text][vc_empty_space height=&#8221;35px&#8221; css=&#8221;.vc_custom_1555053326663{background-color: #ffffff !important;}&#8221;][vc_masonry_media_grid element_width=&#8221;3&#8243; gap=&#8221;10&#8243; item=&#8221;613&#8243; css=&#8221;.vc_custom_1761729783992{background-color: #ffffff !important;}&#8221; grid_id=&#8221;vc_gid:1776070598207-9e7ebdda-0e7c-2&#8243; include=&#8221;3867,3871,3875,3879&#8243;][vc_row_inner equal_height=&#8221;yes&#8221; content_placement=&#8221;middle&#8221; gap=&#8221;25&#8243; css=&#8221;.vc_custom_1555054119310{margin-left: -0.5px !important;background-color: #ffffff !important;}&#8221;][vc_column_inner width=&#8221;1\/2&#8243;][vc_column_text css=&#8221;.vc_custom_1761729828598{padding-bottom: 25px !important;padding-left: 25px !important;}&#8221;]<span style=\"color: #e84e1b;\"><strong>Voor vakanties in de buitenlucht is de Classic Tent de perfecte accommodatie om de campingsfeer te beleven terwijl je geniet van het comfort van een echt bed en een goed doordachte keukenhoek.<\/strong><\/span> <strong>Met een oppervlakte van 20 m\u00b2 kan deze volledig uitgeruste tent tot 5 personen herbergen.<\/strong><\/p>\n<div class=\"s-whitespace-pre-wrap s-break-words s-font-normal first:s-pt-0 last:s-pb-0 s-py-1 @md:s-py-2 @md:s-leading-7 s-text-base s-leading-7 s-text-foreground dark:s-text-foreground-night\">Ze beschikt over een gezellige woonruimte met een functionele keukenhoek met koelkast, kookplaten, opbergruimte en al het benodigde serviesgoed.<\/div>\n<div class=\"s-whitespace-pre-wrap s-break-words s-font-normal first:s-pt-0 last:s-pb-0 s-py-1 @md:s-py-2 @md:s-leading-7 s-text-base s-leading-7 s-text-foreground dark:s-text-foreground-night\">Voor de nacht zijn er twee aparte slaapkamers:<\/div>\n<ul class=\"s-list-disc s-pb-2 s-pl-6 s-text-foreground dark:s-text-foreground-night s-text-base s-leading-7\">\n<li class=\"s-break-words s-text-foreground dark:s-text-foreground-night s-text-base s-leading-7\">\u00e9\u00e9n met een tweepersoonsbed (140\u00d7200),<\/li>\n<li class=\"s-break-words s-text-foreground dark:s-text-foreground-night s-text-base s-leading-7\">een tweede met een tweepersoonsbed (140\u00d7190) met daarbovenop een eenpersoons stapelbed (80\u00d7190), perfect voor kinderen.<\/li>\n<\/ul>\n<div class=\"s-whitespace-pre-wrap s-break-words s-font-normal first:s-pt-0 last:s-pb-0 s-py-1 @md:s-py-2 @md:s-leading-7 s-text-base s-leading-7 s-text-foreground dark:s-text-foreground-night\">Buiten nodigt het ingerichte houten terras uit tot ontspanning, met parasol en pop-up stoelen, om maaltijden te delen, te lezen of gewoon te genieten van de omringende natuur.<\/div>\n<p>[\/vc_column_text][\/vc_column_inner][vc_column_inner width=&#8221;1\/2&#8243;][vc_icon type=&#8221;material&#8221; icon_material=&#8221;vc-material vc-material-kitchen&#8221; color=&#8221;mulled_wine&#8221; size=&#8221;sm&#8221; align=&#8221;center&#8221; css=&#8221;.vc_custom_1555054259030{margin-top: -10px !important;margin-bottom: -10px !important;}&#8221;][vc_column_text]<\/p>\n<p style=\"text-align: center;\">Kitchenette<\/p>\n<p>[\/vc_column_text][vc_separator color=&#8221;mulled_wine&#8221; el_width=&#8221;80&#8243; css=&#8221;.vc_custom_1555054304041{padding-top: 15px !important;padding-right: 15px !important;padding-bottom: 15px !important;padding-left: 15px !important;}&#8221;][vc_icon type=&#8221;material&#8221; icon_material=&#8221;vc-material vc-material-beach_access&#8221; color=&#8221;mulled_wine&#8221; size=&#8221;sm&#8221; align=&#8221;center&#8221; css=&#8221;.vc_custom_1555054322527{margin-top: -10px !important;margin-bottom: -10px !important;}&#8221;][vc_column_text]<\/p>\n<p style=\"text-align: center;\">Terras<\/p>\n<p>[\/vc_column_text][vc_separator color=&#8221;mulled_wine&#8221; el_width=&#8221;80&#8243; css=&#8221;.vc_custom_1555054304041{padding-top: 15px !important;padding-right: 15px !important;padding-bottom: 15px !important;padding-left: 15px !important;}&#8221;][vc_empty_space height=&#8221;12px&#8221;][\/vc_column_inner][\/vc_row_inner][vc_empty_space height=&#8221;35px&#8221;][vc_column_text css=&#8221;.vc_custom_1706087688634{padding-top: 15px !important;padding-right: 15px !important;padding-bottom: 15px !important;padding-left: 15px !important;background-color: #ffffff !important;}&#8221;]<\/p>\n<p style=\"text-align: center;\"><span style=\"font-size: 16pt;\"><strong>CLASSIC 4 TENTEN<br \/>\n<\/strong><\/span><span style=\"font-size: 14pt;\">4 pers. &#8211; 20 m\u00b2<\/span><\/p>\n<p>[\/vc_column_text][vc_empty_space height=&#8221;35px&#8221; css=&#8221;.vc_custom_1555053326663{background-color: #ffffff !important;}&#8221;][vc_masonry_media_grid element_width=&#8221;3&#8243; gap=&#8221;10&#8243; item=&#8221;613&#8243; css=&#8221;.vc_custom_1636965302305{background-color: #ffffff !important;}&#8221; grid_id=&#8221;vc_gid:1776070598209-35ef0b33-6ef0-2&#8243; include=&#8221;1454,1442,1450,2564&#8243;][vc_row_inner equal_height=&#8221;yes&#8221; content_placement=&#8221;middle&#8221; gap=&#8221;25&#8243; css=&#8221;.vc_custom_1555054119310{margin-left: -0.5px !important;background-color: #ffffff !important;}&#8221;][vc_column_inner width=&#8221;1\/2&#8243;][vc_column_text css=&#8221;.vc_custom_1718096981372{padding-bottom: 25px !important;padding-left: 25px !important;}&#8221;]<span style=\"color: #e84e1b;\"><strong>De Classic 4 tent heeft een woonruimte die uitkomt op het houten terras en biedt alle kampeercomfort met een inrichting die is ontworpen voor een geslaagde vakantie.<\/strong><\/span> <strong>De Toile&amp;Bois tent heeft een oppervlakte van 20 m\u00b2, is volledig ingericht en ideaal voor 4 personen.<\/strong><\/p>\n<p>Gemeenschappelijke ruimte met kitchenette (koelkast, twee kookplaten, opbergrekken, servies\u2026).<\/p>\n<p>Slaapgedeelte met twee slaapkamers: \u00e9\u00e9n met een tweepersoonsbed (140 \u00d7 200), \u00e9\u00e9n met twee eenpersoonsbedden (80 \u00d7 190).<\/p>\n<p>Buiten: houten terras met 2 opklapstoeltjes.<\/p>\n<p><span style=\"text-decoration: underline;\"><a href=\"https:\/\/media.huttopia.com\/hebergements\/30-tente-toile-bois-classic-4\/inventaire\/citykamp-inventaire-tente-classic-4-fr-en.pdf\" target=\"_blank\" rel=\"noopener\">&gt; Inventarislijst<\/a><\/span>[\/vc_column_text][\/vc_column_inner][vc_column_inner width=&#8221;1\/2&#8243;][vc_icon type=&#8221;material&#8221; icon_material=&#8221;vc-material vc-material-kitchen&#8221; color=&#8221;mulled_wine&#8221; size=&#8221;sm&#8221; align=&#8221;center&#8221; css=&#8221;.vc_custom_1555054259030{margin-top: -10px !important;margin-bottom: -10px !important;}&#8221;][vc_column_text]<\/p>\n<p style=\"text-align: center;\">Kitchenette<\/p>\n<p>[\/vc_column_text][vc_separator color=&#8221;mulled_wine&#8221; el_width=&#8221;80&#8243; css=&#8221;.vc_custom_1555054304041{padding-top: 15px !important;padding-right: 15px !important;padding-bottom: 15px !important;padding-left: 15px !important;}&#8221;][vc_icon type=&#8221;material&#8221; icon_material=&#8221;vc-material vc-material-beach_access&#8221; color=&#8221;mulled_wine&#8221; size=&#8221;sm&#8221; align=&#8221;center&#8221; css=&#8221;.vc_custom_1555054322527{margin-top: -10px !important;margin-bottom: -10px !important;}&#8221;][vc_column_text]<\/p>\n<p style=\"text-align: center;\">Terras<\/p>\n<p>[\/vc_column_text][vc_separator color=&#8221;mulled_wine&#8221; el_width=&#8221;80&#8243; css=&#8221;.vc_custom_1555054304041{padding-top: 15px !important;padding-right: 15px !important;padding-bottom: 15px !important;padding-left: 15px !important;}&#8221;][vc_empty_space height=&#8221;12px&#8221;][vc_btn title=&#8221;ZIE HET PLAN&#8221; style=&#8221;custom&#8221; custom_background=&#8221;#e84e1b&#8221; custom_text=&#8221;#ffffff&#8221; shape=&#8221;square&#8221; size=&#8221;xs&#8221; align=&#8221;center&#8221; link=&#8221;url:https%3A%2F%2Fmedia.huttopia.com%2Fhebergements%2F30-tente-toile-bois-classic-4%2F30-tente-toile-bois-classic-4-plan.jpg||target:%20_blank|&#8221;][\/vc_column_inner][\/vc_row_inner][vc_empty_space height=&#8221;35px&#8221;][vc_column_text css=&#8221;.vc_custom_1706087726992{padding-top: 15px !important;padding-right: 15px !important;padding-bottom: 15px !important;padding-left: 15px !important;background-color: #ffffff !important;}&#8221;]<\/p>\n<p style=\"text-align: center;\"><span style=\"font-size: 16pt;\"><strong>CLASSIC 5 TENT<br \/>\n<\/strong><\/span><span style=\"font-size: 14pt;\">5 pers. &#8211; 25 m\u00b2<\/span><\/p>\n<p>[\/vc_column_text][vc_empty_space height=&#8221;35px&#8221; css=&#8221;.vc_custom_1555053326663{background-color: #ffffff !important;}&#8221;][vc_masonry_media_grid element_width=&#8221;3&#8243; gap=&#8221;10&#8243; item=&#8221;613&#8243; css=&#8221;.vc_custom_1566808714545{background-color: #ffffff !important;}&#8221; grid_id=&#8221;vc_gid:1776070598211-a7a49931-45ad-7&#8243; include=&#8221;1536,1532,1421,1425&#8243;][vc_row_inner equal_height=&#8221;yes&#8221; content_placement=&#8221;middle&#8221; gap=&#8221;25&#8243; css=&#8221;.vc_custom_1555054119310{margin-left: -0.5px !important;background-color: #ffffff !important;}&#8221;][vc_column_inner width=&#8221;1\/2&#8243;][vc_column_text css=&#8221;.vc_custom_1718097033628{padding-bottom: 25px !important;padding-left: 25px !important;}&#8221;]<span style=\"color: #e84e1b;\"><strong>De Classic 5 tent is volledig ingericht en biedt plaats aan 5 personen en biedt u alle comfort voor een vakantie onder het linnen dichtbij de natuur.<\/strong><\/span> <strong>Een bijzondere sfeer om met het gezin of vrienden van te genieten.<\/strong><\/p>\n<p>Gemeenschappelijke ruimte met kitchenette (koelkast, twee kookplaten, opbergrekken, servies\u2026).<\/p>\n<p>Slaapgedeelte met twee slaapkamers: \u00e9\u00e9n met een tweepersoonsbed (140 \u00d7 200), \u00e9\u00e9n met drie eenpersoonsbedden (80 \u00d7 190), inclusief een stapelbed.<\/p>\n<p>Buiten: houten terras met 2 opklapstoeltjes.<\/p>\n<p><span style=\"text-decoration: underline;\"><a href=\"https:\/\/media.huttopia.com\/hebergements\/31-tente-toile-bois-classic-5\/inventaire\/citykamp-inventaire-tente-classic-5-fr-en.pdf\" target=\"_blank\" rel=\"noopener\">&gt; Inventarislijst<\/a><\/span>[\/vc_column_text][\/vc_column_inner][vc_column_inner width=&#8221;1\/2&#8243;][vc_icon type=&#8221;material&#8221; icon_material=&#8221;vc-material vc-material-kitchen&#8221; color=&#8221;mulled_wine&#8221; size=&#8221;sm&#8221; align=&#8221;center&#8221; css=&#8221;.vc_custom_1555054259030{margin-top: -10px !important;margin-bottom: -10px !important;}&#8221;][vc_column_text]<\/p>\n<p style=\"text-align: center;\">Kitchenette<\/p>\n<p>[\/vc_column_text][vc_separator color=&#8221;mulled_wine&#8221; el_width=&#8221;80&#8243; css=&#8221;.vc_custom_1555054304041{padding-top: 15px !important;padding-right: 15px !important;padding-bottom: 15px !important;padding-left: 15px !important;}&#8221;][vc_icon type=&#8221;material&#8221; icon_material=&#8221;vc-material vc-material-beach_access&#8221; color=&#8221;mulled_wine&#8221; size=&#8221;sm&#8221; align=&#8221;center&#8221; css=&#8221;.vc_custom_1555054322527{margin-top: -10px !important;margin-bottom: -10px !important;}&#8221;][vc_column_text]<\/p>\n<p style=\"text-align: center;\">Terras<\/p>\n<p>[\/vc_column_text][vc_separator color=&#8221;mulled_wine&#8221; el_width=&#8221;80&#8243; css=&#8221;.vc_custom_1555054304041{padding-top: 15px !important;padding-right: 15px !important;padding-bottom: 15px !important;padding-left: 15px !important;}&#8221;][vc_empty_space height=&#8221;12px&#8221;][vc_btn title=&#8221;ZIE HET PLAN&#8221; style=&#8221;custom&#8221; custom_background=&#8221;#e84e1b&#8221; custom_text=&#8221;#ffffff&#8221; shape=&#8221;square&#8221; size=&#8221;xs&#8221; align=&#8221;center&#8221; link=&#8221;url:https%3A%2F%2Fmedia.huttopia.com%2Fhebergements%2F31-tente-toile-bois-classic-5%2F31-tente-toile-bois-classic-5-plan.jpg||target:%20_blank|&#8221;][\/vc_column_inner][\/vc_row_inner]<\/div>[\/vc_column][\/vc_row][vc_row css=&#8221;.vc_custom_1555062084449{background-color: #ffffff !important;}&#8221;][vc_column]<div class=\"wrappedcontent\">[vc_column_text]<\/p>\n<h4>Foto&#8217;s van\u00a0de accommodatie de Camping de l&#8217;Ill Colmar<\/h4>\n<p>[\/vc_column_text][vc_empty_space height=&#8221;18px&#8221;][vc_masonry_media_grid style=&#8221;load-more&#8221; items_per_page=&#8221;4&#8243; element_width=&#8221;3&#8243; gap=&#8221;10&#8243; item=&#8221;613&#8243; css=&#8221;&#8221; btn_title=&#8221;MEER ZIEN&#8221; btn_style=&#8221;custom&#8221; btn_custom_background=&#8221;#e84e1b&#8221; btn_custom_text=&#8221;#ffffff&#8221; btn_shape=&#8221;square&#8221; btn_i_icon_fontawesome=&#8221;fa fa-camera&#8221; btn_add_icon=&#8221;true&#8221; grid_id=&#8221;vc_gid:1776070598213-dd45b6ee-d40e-2&#8243; include=&#8221;1593,1581,1112,1127,1121,1124,2975,2967,2963,3465,3453,3457&#8243;]<\/div>[\/vc_column][\/vc_row][vc_row css=&#8221;.vc_custom_1555062089109{background-color: #e8e8e8 !important;}&#8221;][vc_column]<div class=\"wrappedcontent\">[vc_row_inner equal_height=&#8221;yes&#8221; content_placement=&#8221;middle&#8221; gap=&#8221;20&#8243; css=&#8221;.vc_custom_1526984606057{margin-left: -0.5px !important;}&#8221;][vc_column_inner width=&#8221;1\/3&#8243; css=&#8221;.vc_custom_1555062097449{background-color: #ffffff !important;}&#8221;][vc_icon icon_fontawesome=&#8221;far fa-map&#8221; color=&#8221;custom&#8221; size=&#8221;lg&#8221; align=&#8221;center&#8221; css=&#8221;.vc_custom_1675949480741{margin-bottom: -10px !important;padding-top: 15px !important;}&#8221; custom_color=&#8221;#e84e1b&#8221; link=&#8221;url:https%3A%2F%2Fmedia.huttopia.com%2Fdestinations%2Fcolmar%2Fplan-camping-citykamp-colmar.pdf|target:_blank&#8221;][vc_column_text css=&#8221;.vc_custom_1675949502860{padding-top: 25px !important;padding-right: 15px !important;padding-bottom: 15px !important;padding-left: 15px !important;}&#8221;]<\/p>\n<p style=\"text-align: center;\"><a href=\"https:\/\/media.huttopia.com\/destinations\/colmar\/plan-camping-citykamp-colmar.pdf\" target=\"_blank\" rel=\"noopener noreferrer\"><strong>Plattegrond van de camping<\/strong><\/a><\/p>\n<p>[\/vc_column_text][\/vc_column_inner][vc_column_inner width=&#8221;1\/3&#8243; css=&#8221;.vc_custom_1555062101514{background-color: #ffffff !important;}&#8221;][vc_icon icon_fontawesome=&#8221;fa fa-calendar-check-o&#8221; color=&#8221;custom&#8221; size=&#8221;lg&#8221; align=&#8221;center&#8221; css=&#8221;.vc_custom_1526985698751{margin-bottom: -10px !important;padding-top: 15px !important;}&#8221; custom_color=&#8221;#e84e1b&#8221; link=&#8221;url:http%3A%2F%2Fcheckout.citykamp.com%2Fsite%2Fnl%2F900||target:%20_blank|&#8221;][vc_column_text css=&#8221;.vc_custom_1526985684072{padding-top: 25px !important;padding-right: 15px !important;padding-bottom: 15px !important;padding-left: 15px !important;}&#8221;]<\/p>\n<p style=\"text-align: center;\"><a href=\"http:\/\/checkout.citykamp.com\/site\/nl\/900\" target=\"_blank\" rel=\"noopener noreferrer\"><strong>Reserveer uw verblijf<\/strong><\/a><\/p>\n<p>[\/vc_column_text][\/vc_column_inner][vc_column_inner width=&#8221;1\/3&#8243; css=&#8221;.vc_custom_1555062109065{background-color: #ffffff !important;}&#8221;][vc_icon icon_fontawesome=&#8221;fa fa-map-marker&#8221; color=&#8221;custom&#8221; size=&#8221;lg&#8221; align=&#8221;center&#8221; css=&#8221;.vc_custom_1526984857582{margin-bottom: -10px !important;padding-top: 15px !important;}&#8221; custom_color=&#8221;#e84e1b&#8221; link=&#8221;url:https%3A%2F%2Fgoo.gl%2Fmaps%2FeC9ymUXFz592||target:%20_blank|&#8221;][vc_column_text css=&#8221;.vc_custom_1526985711120{padding-top: 25px !important;padding-right: 15px !important;padding-bottom: 15px !important;padding-left: 15px !important;}&#8221;]<\/p>\n<p style=\"text-align: center;\"><a href=\"https:\/\/goo.gl\/maps\/eC9ymUXFz592\" target=\"_blank\" rel=\"noopener noreferrer\"><strong>Route<\/strong><\/a><\/p>\n<p>[\/vc_column_text][\/vc_column_inner][\/vc_row_inner]<\/div>[\/vc_column][\/vc_row]<\/p>\n<\/div>","protected":false},"excerpt":{"rendered":"<p>[vc_row][vc_column][vc_single_image image=&#8221;2950&#8243; img_size=&#8221;1900&#215;500&#8243;][\/vc_column][\/vc_row][vc_row][vc_column][\/vc_column][\/vc_row][vc_row el_id=&#8221;chalets&#8221; css=&#8221;.vc_custom_1555059948000{background-color: #e8e8e8 !important;}&#8221;][vc_column][\/vc_column][\/vc_row][vc_row el_id=&#8221;tentestoiles&amp;bois&#8221; css=&#8221;.vc_custom_1555053279800{background-color: #e8e8e8 !important;}&#8221;][vc_column][\/vc_column][\/vc_row][vc_row css=&#8221;.vc_custom_1555062084449{background-color: #ffffff !important;}&#8221;][vc_column][\/vc_column][\/vc_row][vc_row css=&#8221;.vc_custom_1555062089109{background-color: #e8e8e8 !important;}&#8221;][vc_column][\/vc_column][\/vc_row]<\/p>\n","protected":false},"author":1,"featured_media":0,"parent":0,"menu_order":0,"comment_status":"closed","ping_status":"closed","template":"","meta":{"footnotes":""},"class_list":["post-408","page","type-page","status-publish","hentry"],"yoast_head":"<!-- This site is optimized with the Yoast SEO plugin v25.6 - https:\/\/yoast.com\/wordpress\/plugins\/seo\/ -->\n<title>Ontdek al onze verhuur - Camping de l&#039;Ill - Colmar<\/title>\n<meta name=\"description\" content=\"Verblijf in het hart van de natuur in comfortabele accommodaties. In Canvas &amp; Houten tent, chalet Montana of stacaravan Vancouver, u heeft de keuze!\" \/>\n<meta name=\"robots\" content=\"index, follow, max-snippet:-1, max-image-preview:large, max-video-preview:-1\" \/>\n<link rel=\"canonical\" href=\"https:\/\/www.campingdelill.fr\/nl\/accommodaties\/\" \/>\n<meta property=\"og:locale\" content=\"nl_NL\" \/>\n<meta property=\"og:type\" content=\"article\" \/>\n<meta property=\"og:title\" content=\"Ontdek al onze verhuur - Camping de l&#039;Ill - Colmar\" \/>\n<meta property=\"og:description\" content=\"Verblijf in het hart van de natuur in comfortabele accommodaties. In Canvas &amp; Houten tent, chalet Montana of stacaravan Vancouver, u heeft de keuze!\" \/>\n<meta property=\"og:url\" content=\"https:\/\/www.campingdelill.fr\/nl\/accommodaties\/\" \/>\n<meta property=\"og:site_name\" content=\"Camping de Colmar\" \/>\n<meta property=\"article:modified_time\" content=\"2026-04-13T08:57:01+00:00\" \/>\n<meta name=\"twitter:card\" content=\"summary_large_image\" \/>\n<meta name=\"twitter:label1\" content=\"Est. reading time\" \/>\n\t<meta name=\"twitter:data1\" content=\"6 minuten\" \/>\n<script type=\"application\/ld+json\" class=\"yoast-schema-graph\">{\"@context\":\"https:\/\/schema.org\",\"@graph\":[{\"@type\":\"WebPage\",\"@id\":\"https:\/\/www.campingdelill.fr\/nl\/accommodaties\/\",\"url\":\"https:\/\/www.campingdelill.fr\/nl\/accommodaties\/\",\"name\":\"Ontdek al onze verhuur - Camping de l'Ill - Colmar\",\"isPartOf\":{\"@id\":\"https:\/\/www.campingdelill.fr\/nl\/#website\"},\"datePublished\":\"2018-02-20T15:38:09+00:00\",\"dateModified\":\"2026-04-13T08:57:01+00:00\",\"description\":\"Verblijf in het hart van de natuur in comfortabele accommodaties. In Canvas & Houten tent, chalet Montana of stacaravan Vancouver, u heeft de keuze!\",\"breadcrumb\":{\"@id\":\"https:\/\/www.campingdelill.fr\/nl\/accommodaties\/#breadcrumb\"},\"inLanguage\":\"nl\",\"potentialAction\":[{\"@type\":\"ReadAction\",\"target\":[\"https:\/\/www.campingdelill.fr\/nl\/accommodaties\/\"]}]},{\"@type\":\"BreadcrumbList\",\"@id\":\"https:\/\/www.campingdelill.fr\/nl\/accommodaties\/#breadcrumb\",\"itemListElement\":[{\"@type\":\"ListItem\",\"position\":1,\"name\":\"Accueil\",\"item\":\"https:\/\/www.campingdelill.fr\/nl\/\"},{\"@type\":\"ListItem\",\"position\":2,\"name\":\"Locatifs\"}]},{\"@type\":\"WebSite\",\"@id\":\"https:\/\/www.campingdelill.fr\/nl\/#website\",\"url\":\"https:\/\/www.campingdelill.fr\/nl\/\",\"name\":\"Camping de Colmar\",\"description\":\"Un site utilisant Citykamp\",\"potentialAction\":[{\"@type\":\"SearchAction\",\"target\":{\"@type\":\"EntryPoint\",\"urlTemplate\":\"https:\/\/www.campingdelill.fr\/nl\/?s={search_term_string}\"},\"query-input\":{\"@type\":\"PropertyValueSpecification\",\"valueRequired\":true,\"valueName\":\"search_term_string\"}}],\"inLanguage\":\"nl\"}]}<\/script>\n<!-- \/ Yoast SEO plugin. -->","yoast_head_json":{"title":"Ontdek al onze verhuur - Camping de l'Ill - Colmar","description":"Verblijf in het hart van de natuur in comfortabele accommodaties. In Canvas & Houten tent, chalet Montana of stacaravan Vancouver, u heeft de keuze!","robots":{"index":"index","follow":"follow","max-snippet":"max-snippet:-1","max-image-preview":"max-image-preview:large","max-video-preview":"max-video-preview:-1"},"canonical":"https:\/\/www.campingdelill.fr\/nl\/accommodaties\/","og_locale":"nl_NL","og_type":"article","og_title":"Ontdek al onze verhuur - Camping de l'Ill - Colmar","og_description":"Verblijf in het hart van de natuur in comfortabele accommodaties. In Canvas & Houten tent, chalet Montana of stacaravan Vancouver, u heeft de keuze!","og_url":"https:\/\/www.campingdelill.fr\/nl\/accommodaties\/","og_site_name":"Camping de Colmar","article_modified_time":"2026-04-13T08:57:01+00:00","twitter_card":"summary_large_image","twitter_misc":{"Est. reading time":"6 minuten"},"schema":{"@context":"https:\/\/schema.org","@graph":[{"@type":"WebPage","@id":"https:\/\/www.campingdelill.fr\/nl\/accommodaties\/","url":"https:\/\/www.campingdelill.fr\/nl\/accommodaties\/","name":"Ontdek al onze verhuur - Camping de l'Ill - Colmar","isPartOf":{"@id":"https:\/\/www.campingdelill.fr\/nl\/#website"},"datePublished":"2018-02-20T15:38:09+00:00","dateModified":"2026-04-13T08:57:01+00:00","description":"Verblijf in het hart van de natuur in comfortabele accommodaties. In Canvas & Houten tent, chalet Montana of stacaravan Vancouver, u heeft de keuze!","breadcrumb":{"@id":"https:\/\/www.campingdelill.fr\/nl\/accommodaties\/#breadcrumb"},"inLanguage":"nl","potentialAction":[{"@type":"ReadAction","target":["https:\/\/www.campingdelill.fr\/nl\/accommodaties\/"]}]},{"@type":"BreadcrumbList","@id":"https:\/\/www.campingdelill.fr\/nl\/accommodaties\/#breadcrumb","itemListElement":[{"@type":"ListItem","position":1,"name":"Accueil","item":"https:\/\/www.campingdelill.fr\/nl\/"},{"@type":"ListItem","position":2,"name":"Locatifs"}]},{"@type":"WebSite","@id":"https:\/\/www.campingdelill.fr\/nl\/#website","url":"https:\/\/www.campingdelill.fr\/nl\/","name":"Camping de Colmar","description":"Un site utilisant Citykamp","potentialAction":[{"@type":"SearchAction","target":{"@type":"EntryPoint","urlTemplate":"https:\/\/www.campingdelill.fr\/nl\/?s={search_term_string}"},"query-input":{"@type":"PropertyValueSpecification","valueRequired":true,"valueName":"search_term_string"}}],"inLanguage":"nl"}]}},"_links":{"self":[{"href":"https:\/\/www.campingdelill.fr\/nl\/wp-json\/wp\/v2\/pages\/408","targetHints":{"allow":["GET"]}}],"collection":[{"href":"https:\/\/www.campingdelill.fr\/nl\/wp-json\/wp\/v2\/pages"}],"about":[{"href":"https:\/\/www.campingdelill.fr\/nl\/wp-json\/wp\/v2\/types\/page"}],"author":[{"embeddable":true,"href":"https:\/\/www.campingdelill.fr\/nl\/wp-json\/wp\/v2\/users\/1"}],"replies":[{"embeddable":true,"href":"https:\/\/www.campingdelill.fr\/nl\/wp-json\/wp\/v2\/comments?post=408"}],"version-history":[{"count":7,"href":"https:\/\/www.campingdelill.fr\/nl\/wp-json\/wp\/v2\/pages\/408\/revisions"}],"predecessor-version":[{"id":3920,"href":"https:\/\/www.campingdelill.fr\/nl\/wp-json\/wp\/v2\/pages\/408\/revisions\/3920"}],"wp:attachment":[{"href":"https:\/\/www.campingdelill.fr\/nl\/wp-json\/wp\/v2\/media?parent=408"}],"curies":[{"name":"wp","href":"https:\/\/api.w.org\/{rel}","templated":true}]}}